{"id":128,"date":"2024-10-05T17:21:27","date_gmt":"2024-10-05T15:21:27","guid":{"rendered":"https:\/\/pcoteplice.eu\/c\/?page_id=128"},"modified":"2026-04-29T15:01:38","modified_gmt":"2026-04-29T13:01:38","slug":"cirkev","status":"publish","type":"page","link":"https:\/\/www.pravoslavnacirkev.org\/c\/o-nas\/cirkev\/","title":{"rendered":"C\u00edrkev"},"content":{"rendered":"<h2>\u010cemu v\u011b\u0159\u00edme <a id=\"cemu-verime\"><\/a><\/h2>\n<h3>Pravoslavn\u00e9 vyzn\u00e1n\u00ed v\u00edry:<\/h3>\n<p>1. V\u011b\u0159\u00edm v jednoho Boha, Otce v\u0161emohouc\u00edho, Stvo\u0159itele nebe i zem\u011b, v\u0161eho viditeln\u00e9ho i neviditeln\u00e9ho. (<a href=\"http:\/\/bible.or.cz\/show.pl?expression=1.Mojz+1,1&amp;path=be\">1.Moj\u017e. 1, 1<\/a>; <a href=\"http:\/\/bible.or.cz\/show.pl?expression=Kol+1,16&amp;path=be\">Kol. 1, 16.<\/a>)<\/p>\n<p>2. I v jednoho P\u00e1na Je\u017e\u00ed\u0161e Krista, Syna Bo\u017e\u00edho, jednorozen\u00e9ho a z Otce narozen\u00e9ho p\u0159ede v\u0161emi v\u011bky; Sv\u011btlo ze Sv\u011btla, Boha prav\u00e9ho od Boha prav\u00e9ho, rozen\u00e9ho, nestvo\u0159en\u00e9ho, jedn\u00e9 bytosti s Otcem; skrze n\u011bho\u017e v\u0161e u\u010din\u011bno jest (<a href=\"http:\/\/bible.or.cz\/show.pl?expression=Jan+3,16-18&amp;path=be\">Jan 3, 16-18<\/a>;\u00a0<a href=\"http:\/\/bible.or.cz\/show.pl?expression=1.Jan+5,1&amp;path=be\">1.Jan 5, 1<\/a>;\u00a0<a href=\"http:\/\/bible.or.cz\/show.pl?expression=Jan+17,5&amp;path=be\">Jan 17, 5<\/a>;\u00a0<a href=\"http:\/\/bible.or.cz\/show.pl?expression=Jan+17,24&amp;path=be\">Jan 17, 24<\/a>;\u00a0<a href=\"http:\/\/bible.or.cz\/show.pl?expression=1.Jan+1,5&amp;path=be\">1.Jan 1, 5<\/a>;\u00a0<a href=\"http:\/\/bible.or.cz\/show.pl?expression=Jan+8,12&amp;path=be\">Jan 8, 12<\/a>;\u00a0<a href=\"http:\/\/bible.or.cz\/show.pl?expression=1.Jan+5,20&amp;path=be\">1.Jan 5, 20<\/a>;\u00a0<a href=\"http:\/\/bible.or.cz\/show.pl?expression=Jan+10,30&amp;path=be\">Jan 10, 30<\/a>;\u00a0<a href=\"http:\/\/bible.or.cz\/show.pl?expression=Jan+1,3&amp;path=be\">Jan 1, 3<\/a>);<\/p>\n<p>3. jen\u017e pro n\u00e1s lidi a pro na\u0161e spasen\u00ed sestoupil s nebe, vt\u011blil se z Ducha svat\u00e9ho a Marie Panny a \u010dlov\u011bkem se stal (<a href=\"http:\/\/bible.or.cz\/show.pl?expression=Jan+3,17&amp;path=be\">Jan 3, 17<\/a>;\u00a0<a href=\"http:\/\/bible.or.cz\/show.pl?expression=Jan+6,38&amp;path=be\">Jan 6, 38<\/a>;\u00a0<a href=\"http:\/\/bible.or.cz\/show.pl?expression=Luk+1,35&amp;path=be\">Luk. 1, 35<\/a>;\u00a0<a href=\"http:\/\/bible.or.cz\/show.pl?expression=Jan+1,14&amp;path=be\">Jan 1, 14<\/a>;\u00a0<a href=\"http:\/\/bible.or.cz\/show.pl?expression=1.Tim+2,5-6&amp;path=be\">1.Tim. 2, 5-6<\/a>);<\/p>\n<p>4. jen\u017e za n\u00e1s uk\u0159i\u017eov\u00e1n jest pod Pontsk\u00fdm Pil\u00e1tem, trp\u011bl i poh\u0159ben jest (<a href=\"http:\/\/bible.or.cz\/show.pl?expression=Mat+27&amp;path=be\">Mat. hl. 27<\/a>);<\/p>\n<p>5. a t\u0159et\u00edho dne vstal z mrtv\u00fdch podle P\u00edsem (<a href=\"http:\/\/bible.or.cz\/show.pl?expression=Luk+24&amp;path=be\">Luk. hl. 24<\/a>;\u00a0<a href=\"http:\/\/bible.or.cz\/show.pl?expression=Mar+16,6&amp;path=be\">Mar. 16, 6<\/a>;\u00a0<a href=\"http:\/\/bible.or.cz\/show.pl?expression=Jan+20&amp;path=be\">Jan 20<\/a>\u00a0a\u00a0<a href=\"http:\/\/bible.or.cz\/show.pl?expression=Jan+21&amp;path=be\">21<\/a>);<\/p>\n<p>6. vstoupil na nebesa, sed\u00ed na pravici Otce (<a href=\"http:\/\/bible.or.cz\/show.pl?expression=Luk+24,51&amp;path=be\">Luk. 24, 51<\/a>;\u00a0<a href=\"http:\/\/bible.or.cz\/show.pl?expression=Jan+3,13&amp;path=be\">Jan 3, 13<\/a>;\u00a0<a href=\"http:\/\/bible.or.cz\/show.pl?expression=Zid+10,12&amp;path=be\">\u017did. 10, 12<\/a>);<\/p>\n<p>7. a zase p\u0159ijde se sl\u00e1vou soudit \u017eiv\u00fdch i mrtv\u00fdch, jeho\u017e kr\u00e1lovstv\u00ed nebude konce. (<a href=\"http:\/\/bible.or.cz\/show.pl?expression=Mat+16,27&amp;path=be\">Mat. 16, 27<\/a>;\u00a0<a href=\"http:\/\/bible.or.cz\/show.pl?expression=Mat+25,31-46&amp;path=be\">Mat. 25, 31-46<\/a>);<\/p>\n<p>8. I v Ducha svat\u00e9ho, P\u00e1na, o\u017eivuj\u00edc\u00edho, jen\u017e od Otce poch\u00e1z\u00ed a s Otcem i Synem stejn\u011b ct\u011bn a slaven jest a mluvil skrze proroky. (<a href=\"http:\/\/bible.or.cz\/show.pl?expression=Jan+15,26&amp;path=be\">Jan 15, 26<\/a>;\u00a0<a href=\"http:\/\/bible.or.cz\/show.pl?expression=Z+104,30&amp;path=be\">\u017d. 104, 30<\/a>;\u00a0<a href=\"http:\/\/bible.or.cz\/show.pl?expression=Tit+5,5-6&amp;path=be\">Tit. 5, 5-6<\/a>;\u00a0<a href=\"http:\/\/bible.or.cz\/show.pl?expression=2.Pet+1,21&amp;path=be\">2.Pet. 1, 21<\/a>.);<\/p>\n<p>9. I v jednu, svatou, obecnou a apo\u0161tolskou c\u00edrkev. (<a href=\"http:\/\/bible.or.cz\/show.pl?expression=Ef+5,23&amp;path=be\">Ef. 5, 23<\/a>;\u00a0<a href=\"http:\/\/bible.or.cz\/show.pl?expression=Ef+5,25-27&amp;path=be\">Ef. 5, 25-27<\/a>.);<\/p>\n<p>10. Vyzn\u00e1v\u00e1m jeden k\u0159est na odpu\u0161t\u011bn\u00ed h\u0159\u00edch\u016f. (<a href=\"http:\/\/bible.or.cz\/show.pl?expression=Mat+28,19&amp;path=be\">Mat. 28, 19<\/a>;\u00a0<a href=\"http:\/\/bible.or.cz\/show.pl?expression=Mar+16,16&amp;path=be\">Mar. 16, 16<\/a>.);<\/p>\n<p>11. O\u010dek\u00e1v\u00e1m z mrtv\u00fdch vzk\u0159\u00ed\u0161en\u00ed (<a href=\"http:\/\/bible.or.cz\/show.pl?expression=Jan+6,54&amp;path=be\">Jan 6, 54<\/a>);<\/p>\n<p>12. a \u017eivot v\u011bku budouc\u00edho. Amen. (<a href=\"http:\/\/bible.or.cz\/show.pl?expression=Jan+5,24&amp;path=be\">Jan 5, 24.<\/a>)<\/p>\n<p><img loading=\"lazy\" decoding=\"async\" class=\"size-medium wp-image-110 aligncenter\" src=\"https:\/\/pcoteplice.eu\/c\/wp-content\/uploads\/2024\/10\/oddlovac-nizky-300x75.png\" alt=\"\" width=\"300\" height=\"75\" srcset=\"https:\/\/www.pravoslavnacirkev.org\/c\/wp-content\/uploads\/2024\/10\/oddlovac-nizky-300x75.png 300w, https:\/\/www.pravoslavnacirkev.org\/c\/wp-content\/uploads\/2024\/10\/oddlovac-nizky.png 512w\" sizes=\"(max-width: 300px) 100vw, 300px\" \/><\/p>\n<p>Tento posv\u00e1tn\u00fd text vyzn\u00e1n\u00ed v\u00edry byl sestaven svat\u00fdmi Otci, kte\u0159\u00ed se shrom\u00e1\u017edili na prv\u00e9m velik\u00e9m v\u0161eobecn\u00e9m sn\u011bmu v m\u011bst\u011b Nik\u00e1ji (Nicea, r. 325), a svat\u00fdmi Otci shrom\u00e1\u017ed\u011bn\u00fdmi na druh\u00e9m v\u0161eobecn\u00e9m sn\u011bmu v m\u011bst\u011b Ca\u0159ihradu (Konstantinopol, r. 381). Svat\u00ed Otcov\u00e9 sestavili tento posv\u00e1tn\u00fd text &#8211; vyjad\u0159uj\u00edc\u00ed lidsk\u00fdmi slovy (nakolik je to jen mo\u017en\u00e9) obsah k\u0159es\u0165ansk\u00e9 apo\u0161tolsk\u00e9 v\u00edry &#8211; kv\u016fli tomu, aby br\u00e1nili naru\u0161ov\u00e1n\u00ed a zm\u011bn\u00e1m, jimi\u017e se n\u011bkte\u0159\u00ed nov\u00e1to\u0159i pokou\u0161eli &#8222;upravit&#8220; v\u00edru p\u0159edanou C\u00edrkvi skrze svat\u00e9 apo\u0161toly samotn\u00fdm vt\u011blen\u00fdm Bohem, P\u00e1nem Je\u017e\u00ed\u0161em Kristem. Proto jsou formulace tohoto posv\u00e1tn\u00e9ho symbolu nam\u00ed\u0159eny proti v\u0161em mo\u017en\u00fdm a mysliteln\u00fdm odklon\u016fm od p\u016fvodn\u00ed v\u00edry. Niceo-ca\u0159ihradsk\u00fd symbol v\u00edry je z\u00e1kladn\u00edm v\u011brou\u010dn\u00fdm (tj. dogmatick\u00fdm) textem pravoslavn\u00e9 c\u00edrkve. V\u0161echny n\u00e1sleduj\u00edc\u00ed v\u0161eobecn\u00e9 sn\u011bmy v\u0161ech dob ji\u017e jen potvrzovaly platnost, spr\u00e1vnost a z\u00e1vaznost tohoto zn\u011bn\u00ed symbolu v\u00edry. <strong>Svat\u00ed Otcov\u00e9 na sn\u011bmech zakazovali komukoliv cokoliv k tomuto textu Vyzn\u00e1n\u00ed v\u00edry p\u0159idat anebo cokoliv z n\u011bj ubrat; dop\u0159edu vylou\u010dili z C\u00edrkve Kristovy ka\u017ed\u00e9ho, kdo by se tohoto opov\u00e1\u017eil. Tak\u00e9 je svat\u00fdmi pravidly zak\u00e1z\u00e1no sestavovat nebo n\u011bkde p\u0159edn\u00e1\u0161et jak\u00e9koliv jin\u00e9 Vyzn\u00e1n\u00ed v\u00edry<\/strong>. Pravoslavn\u00e1 c\u00edrkev velice pe\u010dliv\u011b do dne\u0161n\u00edch dob st\u0159e\u017e\u00ed v neporu\u0161enosti tento starobyl\u00fd text, v n\u011bm\u017e je formulov\u00e1na v\u00edra svat\u00fdch apo\u0161tol\u016f, v\u00edra, kter\u00e9 byli nau\u010deni samotn\u00fdm P\u00e1nem.<\/p>\n<p><img loading=\"lazy\" decoding=\"async\" class=\"aligncenter wp-image-110 size-medium\" src=\"https:\/\/pcoteplice.eu\/c\/wp-content\/uploads\/2024\/10\/oddlovac-nizky-300x75.png\" alt=\"\" width=\"300\" height=\"75\" srcset=\"https:\/\/www.pravoslavnacirkev.org\/c\/wp-content\/uploads\/2024\/10\/oddlovac-nizky-300x75.png 300w, https:\/\/www.pravoslavnacirkev.org\/c\/wp-content\/uploads\/2024\/10\/oddlovac-nizky.png 512w\" sizes=\"(max-width: 300px) 100vw, 300px\" \/><\/p>\n<h2>Schematizmus\u00a0<a id=\"schematizmus\"><\/a><\/h2>\n<p><strong>Duchovn\u00ed mise Ukrajinsk\u00e9 pravoslavn\u00e9 c\u00edrkve Kyjevsk\u00e9ho patriarch\u00e1tu v \u010cesk\u00e9 republice<\/strong><br \/>\n<strong>(D\u011bkan\u00e1t \u010cesk\u00e1 republika)<\/strong><br \/>\nZelen\u00e1 2853, 415 01 Teplice<br \/>\nI\u010c: 05726131<\/p>\n<p>p\u0159edstaven\u00fd duchovn\u00ed mise: biskup teplick\u00fd a vik\u00e1\u0159 patriarchy kyjevsk\u00e9ho a cel\u00e9 Rusi-Ukrajiny pro \u010ceskou republiku + EUGEN<br \/>\n<em>(PhDr. ThDr. Mgr. Eugen Sigismund von Freimann-Geyersburg, PhD., MA, LL.M, Dr.h.c.)<\/em><\/p>\n<h3><\/h3>\n<p>&nbsp;<\/p>\n<h2>Kontaktn\u00ed duchovn\u00ed centra<\/h2>\n<p><strong>Duchovn\u00ed spr\u00e1va v Teplic\u00edch<\/strong><br \/>\nBaarova 1261\/2, 41501 Teplice<br \/>\np\u0159edstaven\u00fd: mit. prot. Ivan Hrub\u00fd, dr.h.c.<br \/>\npomocn\u00fd duchovn\u00ed: \u017ealmista Ing. Serhiy Onyskiv<\/p>\n<p><strong>Duchovn\u00ed spr\u00e1va v B\u00edlin\u011b<br \/>\n<\/strong>Za Chlumem 767, 41801 B\u00edlina<br \/>\np\u0159edstaven\u00fd: o. \u0160t\u011bp\u00e1n J. von Fobl, MBA, LL.M.<\/p>\n<p><strong>Duchovn\u00ed spr\u00e1va v D\u011b\u010d\u00edn\u011b<\/strong><br \/>\n\u010csl. arm\u00e1dy 36, 40502 D\u011b\u010d\u00edn<br \/>\np\u0159edstaven\u00fd: \u017ealmista Bc. Yaroslav Nov\u00e1k<\/p>\n<p><strong>Duchovn\u00ed spr\u00e1va v Duchcov\u011b<\/strong><br \/>\nHorsk\u00e1 cesta 1222\/22, 41901 Duchcov<br \/>\np\u0159edstaven\u00fd: o. Aliaksander Paschaliuk, BBA, DiS., dr.h.c.<\/p>\n<p><strong>Duchovn\u00ed spr\u00e1va v Chomutov\u011b<\/strong><br \/>\nZborovsk\u00e1 4602, 43001 Chomutov<br \/>\np\u0159edstaven\u00fd: p\u0159edseda star\u0161ovstva Ing. Andriy Kravchuk<\/p>\n<p><strong>Duchovn\u00ed spr\u00e1va v Lounech<\/strong><br \/>\nzpravov\u00e1no z B\u00edliny<br \/>\nSkl\u00e1\u0159sk\u00e1 23, 418 01 B\u00edlina<br \/>\np\u0159edstaven\u00fd: \u017ealmista Dominik V. M\u00e1dl, MBA<\/p>\n<p><strong>Duchovn\u00ed spr\u00e1va v Most\u011b<br \/>\n<\/strong>t\u0159. Budovatel\u016f 92, 434 01 Most<br \/>\np\u0159edstaven\u00fd: o. Milan E. Ru\u010dkay, MBA, LL.M, dr.h.c.<\/p>\n<p><strong>Duchovn\u00ed spr\u00e1va v \u00dast\u00ed nad Labem<\/strong><br \/>\nVelk\u00e1 Hradebn\u00ed 2339, 401 00 \u00dast\u00ed nad Labem<br \/>\np\u0159edstaven\u00fd: p\u0159edseda star\u0161ovstva Pavel Kostelai, MBA<\/p>\n<p><strong>Duchovn\u00ed spr\u00e1va v Litom\u011b\u0159ic\u00edch<\/strong><br \/>\nPra\u017esk\u00e1 270, 417 64 Byst\u0159any<br \/>\np\u0159edstaven\u00fd: p\u0159edseda star\u0161ovstva Josef M. Freimann, MBA, dr.h.c.<\/p>\n<p><strong>Duchovn\u00ed spr\u00e1va v Praze<\/strong><br \/>\np\u0159edstaven\u00fd: mit. prot. Mgr. Myroslav Popovych<\/p>\n<h2>Monast\u00fdry<\/h2>\n<p><strong>Skit sv. Konstantina a Heleny<\/strong><br \/>\nZelen\u00e1 2853, 41501 Teplice<br \/>\np\u0159edstaven\u00fd: biskup + Eugen<\/p>\n<h2>Vzd\u011bl\u00e1vac\u00ed centra<\/h2>\n<p><strong>Akademie sv. Klementa z.\u00fa.<\/strong><br \/>\n\u0160koln\u00ed 349\/2, 41501 Teplice<\/p>\n<p>&nbsp;<\/p>\n<p><img loading=\"lazy\" decoding=\"async\" class=\"aligncenter wp-image-110 size-medium\" src=\"https:\/\/pcoteplice.eu\/c\/wp-content\/uploads\/2024\/10\/oddlovac-nizky-300x75.png\" alt=\"\" width=\"300\" height=\"75\" srcset=\"https:\/\/www.pravoslavnacirkev.org\/c\/wp-content\/uploads\/2024\/10\/oddlovac-nizky-300x75.png 300w, https:\/\/www.pravoslavnacirkev.org\/c\/wp-content\/uploads\/2024\/10\/oddlovac-nizky.png 512w\" sizes=\"(max-width: 300px) 100vw, 300px\" \/><\/p>\n","protected":false},"excerpt":{"rendered":"<p>\u010cemu v\u011b\u0159\u00edme Pravoslavn\u00e9 vyzn\u00e1n\u00ed v\u00edry: 1. V\u011b\u0159\u00edm v jednoho Boha, Otce v\u0161emohouc\u00edho, Stvo\u0159itele nebe i zem\u011b, v\u0161eho viditeln\u00e9ho i neviditeln\u00e9ho. (1.Moj\u017e. 1, 1; Kol. 1, 16.) 2. I v jednoho [&hellip;]<\/p>\n","protected":false},"author":1,"featured_media":244,"parent":116,"menu_order":0,"comment_status":"closed","ping_status":"closed","template":"","meta":{"footnotes":""},"class_list":["post-128","page","type-page","status-publish","has-post-thumbnail","hentry"],"_links":{"self":[{"href":"https:\/\/www.pravoslavnacirkev.org\/c\/wp-json\/wp\/v2\/pages\/128"}],"collection":[{"href":"https:\/\/www.pravoslavnacirkev.org\/c\/wp-json\/wp\/v2\/pages"}],"about":[{"href":"https:\/\/www.pravoslavnacirkev.org\/c\/wp-json\/wp\/v2\/types\/page"}],"author":[{"embeddable":true,"href":"https:\/\/www.pravoslavnacirkev.org\/c\/wp-json\/wp\/v2\/users\/1"}],"replies":[{"embeddable":true,"href":"https:\/\/www.pravoslavnacirkev.org\/c\/wp-json\/wp\/v2\/comments?post=128"}],"version-history":[{"count":34,"href":"https:\/\/www.pravoslavnacirkev.org\/c\/wp-json\/wp\/v2\/pages\/128\/revisions"}],"predecessor-version":[{"id":1568,"href":"https:\/\/www.pravoslavnacirkev.org\/c\/wp-json\/wp\/v2\/pages\/128\/revisions\/1568"}],"up":[{"embeddable":true,"href":"https:\/\/www.pravoslavnacirkev.org\/c\/wp-json\/wp\/v2\/pages\/116"}],"wp:featuredmedia":[{"embeddable":true,"href":"https:\/\/www.pravoslavnacirkev.org\/c\/wp-json\/wp\/v2\/media\/244"}],"wp:attachment":[{"href":"https:\/\/www.pravoslavnacirkev.org\/c\/wp-json\/wp\/v2\/media?parent=128"}],"curies":[{"name":"wp","href":"https:\/\/api.w.org\/{rel}","templated":true}]}}